{"id":669,"date":"2015-03-26T15:16:49","date_gmt":"2015-03-26T15:16:49","guid":{"rendered":"http:\/\/asociaciondemeter.org\/?page_id=669"},"modified":"2024-09-30T09:55:58","modified_gmt":"2024-09-30T09:55:58","slug":"inicio","status":"publish","type":"page","link":"https:\/\/asociaciondemeter.org\/","title":{"rendered":"Inicio"},"content":{"rendered":"<div class=\"wp-block-image\">\n<figure class=\"alignright size-large is-resized\"><img loading=\"lazy\" decoding=\"async\" width=\"596\" height=\"392\" src=\"http:\/\/asociaciondemeter.org\/wp-content\/uploads\/2020\/04\/logo-demeter1.jpg\" alt=\"\" class=\"wp-image-1304\" style=\"width:318px;height:209px\" srcset=\"https:\/\/asociaciondemeter.org\/wp-content\/uploads\/2020\/04\/logo-demeter1.jpg 596w, https:\/\/asociaciondemeter.org\/wp-content\/uploads\/2020\/04\/logo-demeter1-300x197.jpg 300w\" sizes=\"auto, (max-width: 596px) 100vw, 596px\" \/><\/figure>\n<\/div>\n\n\n<p class=\"has-text-align-justify\">La <strong>Asociaci\u00f3n DEM\u00c9TER por la Igualdad&nbsp;<\/strong>es una ONG de \u00e1mbito nacional con sede en la ciudad de M\u00e1laga. <strong>Nace con el objetivo de ofrecer Atenci\u00f3n e Intervenci\u00f3n Integral a ni\u00f1as y ni\u00f1os que han vivido experiencias de violencia de g\u00e9nero, ayudar en la erradicaci\u00f3n de la violencia de g\u00e9nero y detener la transmisi\u00f3n intergeneracional de la violencia y la normalizaci\u00f3n de las conductas aprendidas<\/strong>.&nbsp;Las\/os menores no son meros testigos, sino que sufren directamente la violencia de g\u00e9nero y sus consecuencias. Aunque nuestra sede f\u00edsica se encuentra en M\u00e1laga, <strong>atendemos a cualquier persona de Espa\u00f1a v\u00eda telef\u00f3nica y online.<\/strong><\/p>\n\n\n\n<p class=\"has-text-align-justify\"><strong><em>Declaraci\u00f3n de utilidad publica municipal: <\/em><\/strong>Entidad declarada de utilidad p\u00fablica municipal por el Ayuntamiento de M\u00e1laga el 20 de junio de 2013.<\/p>\n\n\n\n<p><a href=\"http:\/\/asociaciondemeter.org\/wp-content\/uploads\/2024\/07\/Acreditacion-de-utilidad-publica.pdf\">Declaraci\u00f3n de Utilidad P\u00fablica<\/a><\/p>\n\n\n\n<p class=\"has-text-align-justify\"><strong><em>Certificaci\u00f3n de calidad EDUCO: <\/em><\/strong>Diploma oficial PROTEGEmos, que garantiza el desarrollo de una pol\u00edtica institucional de protecci\u00f3n y de buen trato a la infancia y la adolescencia y la elaboraci\u00f3n de un plan de acci\u00f3n para su implementaci\u00f3n.<\/p>\n\n\n\n<p><a href=\"http:\/\/asociaciondemeter.org\/wp-content\/uploads\/2024\/07\/Certificado_PROTEGEmos.pdf\">Certificado de PROTEgemos<\/a><\/p>\n\n\n\n<h3 class=\"wp-block-heading has-text-align-left has-vivid-cyan-blue-color has-text-color\"><span style=\"color: #808080;\"><mark style=\"background-color:rgba(0, 0, 0, 0)\" class=\"has-inline-color has-black-color\">OFRECEMOS<\/mark><\/span><\/h3>\n\n\n\n<ul class=\"wp-block-list\">\n<li><strong>Intervenci\u00f3n y atenci\u00f3n directa individual y personalizada<\/strong>, a menores, con el fin de paliar las consecuencias derivadas de la exposici\u00f3n a este tipo espec\u00edfico de violencia.<\/li>\n\n\n\n<li><strong>Atenci\u00f3n especializada a las mujeres v\u00edctimas de violencia de g\u00e9nero<\/strong> en su funci\u00f3n como madres y educadoras.<\/li>\n\n\n\n<li><strong>Intervenciones<\/strong> con personas adultas&nbsp;que han sufrido la violencia de g\u00e9nero en la infancia y que necesitan ayuda, apoyo y acompa\u00f1amiento para comprender e integrar esas vivencias de una manera sana y constructiva en sus vidas.<\/li>\n\n\n\n<li><strong>Herramientas de comunicaci\u00f3n y relaci\u00f3n para el nuevo n\u00facleo familiar<\/strong>, con el fin de disminuir la conflictividad ambiental<\/li>\n\n\n\n<li><strong>Asesoramiento y derivaci\u00f3n hacia los recursos<\/strong>, que en cada caso sean necesarios, para conseguir el bienestar de estas y estos menores.<\/li>\n\n\n\n<li><strong>Trabajamos la promoci\u00f3n de la igualdad de g\u00e9nero y la prevenci\u00f3n del maltrato y la violencia de g\u00e9nero <\/strong>mediante talleres dirigidos a ni\u00f1as\/os y adolescentes, en primaria, secundaria y superior.<\/li>\n\n\n\n<li><strong>Talleres grupales educativos<\/strong> para madres e hijas\/os v\u00edctimas de la violencia de g\u00e9nero.<\/li>\n\n\n\n<li><strong>Formaci\u00f3n especializada a profesionales y estudiantes <\/strong>del \u00e1mbito social, legal, educativo y de la salud, en la lucha contra la violencia de g\u00e9nero y en la visibilizaci\u00f3n de las\/os menores como v\u00edctimas de esta violencia.<\/li>\n\n\n\n<li><strong>Realizamos investigaciones y colaboraciones<\/strong> en congresos, jornadas y encuentros transmitiendo la realidad acerca de la vivencia de las\/os menores en los hogares donde se produce la violencia de g\u00e9nero y las graves consecuencias que esta experiencia tiene para su desarrollo.<\/li>\n\n\n\n<li><strong>Programa de Voluntariado Violeta<\/strong>&nbsp;para toda persona que desee formarse en igualdad y en prevenci\u00f3n de la violencia de g\u00e9nero para colaborar activamente con DEM\u00c9TER.<\/li>\n<\/ul>\n\n\n\n<p><\/p>\n\n\n\n<p class=\"has-text-align-justify\"><\/p>\n\n\n\n<p><strong>INSTITUCIONES FINANCIADORAS Y COLABORADORAS<\/strong>.<\/p>\n\n\n\n<p><\/p>\n\n\n\n<!--more-->\n\n\n<div class=\"wp-block-image\">\n<figure class=\"alignleft size-large is-resized\"><img loading=\"lazy\" decoding=\"async\" width=\"567\" height=\"196\" src=\"http:\/\/asociaciondemeter.org\/wp-content\/uploads\/2022\/04\/Logo-Agenda-1.png\" alt=\"\" class=\"wp-image-1368\" style=\"width:503px;height:auto\" srcset=\"https:\/\/asociaciondemeter.org\/wp-content\/uploads\/2022\/04\/Logo-Agenda-1.png 567w, https:\/\/asociaciondemeter.org\/wp-content\/uploads\/2022\/04\/Logo-Agenda-1-300x104.png 300w\" sizes=\"auto, (max-width: 567px) 100vw, 567px\" \/><\/figure>\n<\/div>\n\n\n<figure class=\"wp-block-image size-large is-resized\"><img loading=\"lazy\" decoding=\"async\" width=\"1024\" height=\"534\" src=\"http:\/\/asociaciondemeter.org\/wp-content\/uploads\/2024\/09\/Logo_PRINCIPAL_RGB-1024x534.png\" alt=\"\" class=\"wp-image-1584\" style=\"width:425px;height:auto\" srcset=\"https:\/\/asociaciondemeter.org\/wp-content\/uploads\/2024\/09\/Logo_PRINCIPAL_RGB-1024x534.png 1024w, https:\/\/asociaciondemeter.org\/wp-content\/uploads\/2024\/09\/Logo_PRINCIPAL_RGB-300x156.png 300w, https:\/\/asociaciondemeter.org\/wp-content\/uploads\/2024\/09\/Logo_PRINCIPAL_RGB-768x401.png 768w, https:\/\/asociaciondemeter.org\/wp-content\/uploads\/2024\/09\/Logo_PRINCIPAL_RGB-1536x801.png 1536w, https:\/\/asociaciondemeter.org\/wp-content\/uploads\/2024\/09\/Logo_PRINCIPAL_RGB-2048x1068.png 2048w\" sizes=\"auto, (max-width: 1024px) 100vw, 1024px\" \/><\/figure>\n\n\n\n<p><\/p>\n\n\n\n<p><\/p>\n\n\n\n<figure class=\"wp-block-image size-large is-resized\"><img loading=\"lazy\" decoding=\"async\" width=\"1024\" height=\"381\" src=\"http:\/\/asociaciondemeter.org\/wp-content\/uploads\/2024\/06\/Captura-de-pantalla-2024-06-03-091141-1024x381.png\" alt=\"\" class=\"wp-image-1425\" style=\"width:491px;height:auto\" srcset=\"https:\/\/asociaciondemeter.org\/wp-content\/uploads\/2024\/06\/Captura-de-pantalla-2024-06-03-091141-1024x381.png 1024w, https:\/\/asociaciondemeter.org\/wp-content\/uploads\/2024\/06\/Captura-de-pantalla-2024-06-03-091141-300x112.png 300w, https:\/\/asociaciondemeter.org\/wp-content\/uploads\/2024\/06\/Captura-de-pantalla-2024-06-03-091141-768x286.png 768w, https:\/\/asociaciondemeter.org\/wp-content\/uploads\/2024\/06\/Captura-de-pantalla-2024-06-03-091141.png 1276w\" sizes=\"auto, (max-width: 1024px) 100vw, 1024px\" \/><\/figure>\n\n\n\n<figure class=\"wp-block-image size-full is-resized\"><img loading=\"lazy\" decoding=\"async\" width=\"935\" height=\"201\" src=\"http:\/\/asociaciondemeter.org\/wp-content\/uploads\/2024\/05\/FLC-H-Cast-Color-Pos.jpg\" alt=\"\" class=\"wp-image-1421\" style=\"width:512px;height:auto\" srcset=\"https:\/\/asociaciondemeter.org\/wp-content\/uploads\/2024\/05\/FLC-H-Cast-Color-Pos.jpg 935w, https:\/\/asociaciondemeter.org\/wp-content\/uploads\/2024\/05\/FLC-H-Cast-Color-Pos-300x64.jpg 300w, https:\/\/asociaciondemeter.org\/wp-content\/uploads\/2024\/05\/FLC-H-Cast-Color-Pos-768x165.jpg 768w\" sizes=\"auto, (max-width: 935px) 100vw, 935px\" \/><\/figure>\n\n\n\n<figure class=\"wp-block-image size-full is-resized\"><img loading=\"lazy\" decoding=\"async\" width=\"842\" height=\"272\" src=\"http:\/\/asociaciondemeter.org\/wp-content\/uploads\/2024\/05\/Logo_CaixaProinfancia_Cast_2021.jpg\" alt=\"\" class=\"wp-image-1422\" style=\"width:401px;height:auto\" srcset=\"https:\/\/asociaciondemeter.org\/wp-content\/uploads\/2024\/05\/Logo_CaixaProinfancia_Cast_2021.jpg 842w, https:\/\/asociaciondemeter.org\/wp-content\/uploads\/2024\/05\/Logo_CaixaProinfancia_Cast_2021-300x97.jpg 300w, https:\/\/asociaciondemeter.org\/wp-content\/uploads\/2024\/05\/Logo_CaixaProinfancia_Cast_2021-768x248.jpg 768w\" sizes=\"auto, (max-width: 842px) 100vw, 842px\" \/><\/figure>\n\n\n\n<figure class=\"wp-block-image size-full is-resized\"><img loading=\"lazy\" decoding=\"async\" width=\"256\" height=\"197\" src=\"http:\/\/asociaciondemeter.org\/wp-content\/uploads\/2024\/05\/Pacto-de-estado-2.png\" alt=\"\" class=\"wp-image-1420\" style=\"width:243px;height:auto\"\/><\/figure>\n\n\n\n<figure class=\"wp-block-image size-large is-resized\"><img loading=\"lazy\" decoding=\"async\" width=\"567\" height=\"355\" src=\"http:\/\/asociaciondemeter.org\/wp-content\/uploads\/2022\/04\/Logo-Pimpi-2.png\" alt=\"\" class=\"wp-image-1370\" style=\"width:315px;height:auto\" srcset=\"https:\/\/asociaciondemeter.org\/wp-content\/uploads\/2022\/04\/Logo-Pimpi-2.png 567w, https:\/\/asociaciondemeter.org\/wp-content\/uploads\/2022\/04\/Logo-Pimpi-2-300x188.png 300w\" sizes=\"auto, (max-width: 567px) 100vw, 567px\" \/><\/figure>\n\n\n\n<div class=\"wp-block-columns is-layout-flex wp-container-core-columns-is-layout-9d6595d7 wp-block-columns-is-layout-flex\">\n<div class=\"wp-block-column is-layout-flow wp-block-column-is-layout-flow\" style=\"flex-basis:100%\">\n<div class=\"wp-block-group is-content-justification-left is-nowrap is-layout-flex wp-container-core-group-is-layout-299bcbcc wp-block-group-is-layout-flex\">\n<div class=\"wp-block-columns is-layout-flex wp-container-core-columns-is-layout-9d6595d7 wp-block-columns-is-layout-flex\">\n<div class=\"wp-block-column is-layout-flow wp-block-column-is-layout-flow\">\n<div class=\"wp-block-columns is-layout-flex wp-container-core-columns-is-layout-9d6595d7 wp-block-columns-is-layout-flex\">\n<div class=\"wp-block-column is-layout-flow wp-block-column-is-layout-flow\"><\/div>\n<\/div>\n<\/div>\n\n\n\n<div class=\"wp-block-column is-vertically-aligned-center is-layout-flow wp-block-column-is-layout-flow\"><\/div>\n<\/div>\n\n\n\n<figure class=\"wp-block-image size-full is-resized\"><img loading=\"lazy\" decoding=\"async\" width=\"225\" height=\"225\" src=\"http:\/\/asociaciondemeter.org\/wp-content\/uploads\/2024\/06\/Logo-esic-azul-3.png\" alt=\"\" class=\"wp-image-1437\" style=\"width:175px;height:auto\" srcset=\"https:\/\/asociaciondemeter.org\/wp-content\/uploads\/2024\/06\/Logo-esic-azul-3.png 225w, https:\/\/asociaciondemeter.org\/wp-content\/uploads\/2024\/06\/Logo-esic-azul-3-150x150.png 150w\" sizes=\"auto, (max-width: 225px) 100vw, 225px\" \/><\/figure>\n<\/div>\n<\/div>\n<\/div>\n\n\n\n<div class=\"wp-block-columns is-layout-flex wp-container-core-columns-is-layout-9d6595d7 wp-block-columns-is-layout-flex\">\n<div class=\"wp-block-column is-layout-flow wp-block-column-is-layout-flow\">\n<div class=\"wp-block-columns is-layout-flex wp-container-core-columns-is-layout-9d6595d7 wp-block-columns-is-layout-flex\">\n<div class=\"wp-block-column is-layout-flow wp-block-column-is-layout-flow\"><\/div>\n\n\n\n<div class=\"wp-block-column is-layout-flow wp-block-column-is-layout-flow\"><\/div>\n\n\n\n<div class=\"wp-block-column is-layout-flow wp-block-column-is-layout-flow\"><\/div>\n<\/div>\n<\/div>\n\n\n\n<div class=\"wp-block-column is-layout-flow wp-block-column-is-layout-flow\"><\/div>\n\n\n\n<div class=\"wp-block-column is-layout-flow wp-block-column-is-layout-flow\"><\/div>\n<\/div>\n","protected":false},"excerpt":{"rendered":"<p>La Asociaci\u00f3n DEM\u00c9TER por la Igualdad&nbsp;es una ONG de \u00e1mbito nacional con sede en la ciudad de M\u00e1laga. Nace con el objetivo de ofrecer Atenci\u00f3n e Intervenci\u00f3n Integral a ni\u00f1as y ni\u00f1os que han vivido experiencias de violencia de g\u00e9nero, ayudar en la erradicaci\u00f3n de la violencia de g\u00e9nero y detener la transmisi\u00f3n intergeneracional de [&hellip;]<\/p>\n","protected":false},"author":1,"featured_media":0,"parent":0,"menu_order":0,"comment_status":"closed","ping_status":"open","template":"","meta":{"footnotes":""},"class_list":["post-669","page","type-page","status-publish","hentry"],"jetpack_sharing_enabled":true,"_links":{"self":[{"href":"https:\/\/asociaciondemeter.org\/index.php?rest_route=\/wp\/v2\/pages\/669","targetHints":{"allow":["GET"]}}],"collection":[{"href":"https:\/\/asociaciondemeter.org\/index.php?rest_route=\/wp\/v2\/pages"}],"about":[{"href":"https:\/\/asociaciondemeter.org\/index.php?rest_route=\/wp\/v2\/types\/page"}],"author":[{"embeddable":true,"href":"https:\/\/asociaciondemeter.org\/index.php?rest_route=\/wp\/v2\/users\/1"}],"replies":[{"embeddable":true,"href":"https:\/\/asociaciondemeter.org\/index.php?rest_route=%2Fwp%2Fv2%2Fcomments&post=669"}],"version-history":[{"count":64,"href":"https:\/\/asociaciondemeter.org\/index.php?rest_route=\/wp\/v2\/pages\/669\/revisions"}],"predecessor-version":[{"id":1585,"href":"https:\/\/asociaciondemeter.org\/index.php?rest_route=\/wp\/v2\/pages\/669\/revisions\/1585"}],"wp:attachment":[{"href":"https:\/\/asociaciondemeter.org\/index.php?rest_route=%2Fwp%2Fv2%2Fmedia&parent=669"}],"curies":[{"name":"wp","href":"https:\/\/api.w.org\/{rel}","templated":true}]}}